{"id":379,"date":"2015-08-13T10:26:08","date_gmt":"2015-08-13T16:26:08","guid":{"rendered":"http:\/\/escuelasion.esy.es\/?page_id=379"},"modified":"2015-08-17T11:23:07","modified_gmt":"2015-08-17T17:23:07","slug":"sacerdotes","status":"publish","type":"page","link":"https:\/\/sionpuntarenas.com\/?page_id=379","title":{"rendered":"Nuestros Sacerdotes"},"content":{"rendered":"<p>Aqu\u00ed recordamos a los sacerdotes que han pasado por nuestra Instituci\u00f3n o que nos han acompa\u00f1ado en el esfuerzo y el trabajo de hacer grande nuestra Escuela. No est\u00e1n ordenados cronol\u00f3gicamente, y a todos queremos darles un enorme \u00abgracias\u00bb por su amistad, trabajo y esfuerzo&#8230; como dice nuestro Himno, \u00abconduciendo las almas a Dios&#8230;\u00bb<\/p>\n<div id=\"attachment_445\" style=\"width: 192px\" class=\"wp-caption alignnone\"><a href=\"http:\/\/escuelasion.esy.es\/wp-content\/uploads\/2015\/08\/sacer015.jpg\"><img loading=\"lazy\" decoding=\"async\" aria-describedby=\"caption-attachment-445\" class=\"size-medium wp-image-445\" src=\"http:\/\/escuelasion.esy.es\/wp-content\/uploads\/2015\/08\/sacer015-182x300.jpg\" alt=\"Pbro Randall\" width=\"182\" height=\"300\" srcset=\"https:\/\/sionpuntarenas.com\/wp-content\/uploads\/2015\/08\/sacer015-182x300.jpg 182w, https:\/\/sionpuntarenas.com\/wp-content\/uploads\/2015\/08\/sacer015-623x1024.jpg 623w, https:\/\/sionpuntarenas.com\/wp-content\/uploads\/2015\/08\/sacer015.jpg 947w\" sizes=\"(max-width: 182px) 100vw, 182px\" \/><\/a><p id=\"caption-attachment-445\" class=\"wp-caption-text\">Pbro Randall<\/p><\/div>\n<div id=\"attachment_444\" style=\"width: 310px\" class=\"wp-caption alignnone\"><a href=\"http:\/\/escuelasion.esy.es\/wp-content\/uploads\/2015\/08\/sacer012.jpg\"><img loading=\"lazy\" decoding=\"async\" aria-describedby=\"caption-attachment-444\" class=\"size-medium wp-image-444\" src=\"http:\/\/escuelasion.esy.es\/wp-content\/uploads\/2015\/08\/sacer012-300x195.jpg\" alt=\"Pbro. Miguel Rojas\" width=\"300\" height=\"195\" srcset=\"https:\/\/sionpuntarenas.com\/wp-content\/uploads\/2015\/08\/sacer012-300x195.jpg 300w, https:\/\/sionpuntarenas.com\/wp-content\/uploads\/2015\/08\/sacer012-1024x666.jpg 1024w, https:\/\/sionpuntarenas.com\/wp-content\/uploads\/2015\/08\/sacer012.jpg 1769w\" sizes=\"(max-width: 300px) 100vw, 300px\" \/><\/a><p id=\"caption-attachment-444\" class=\"wp-caption-text\">Pbro. Miguel Rojas<\/p><\/div>\n<div id=\"attachment_443\" style=\"width: 232px\" class=\"wp-caption alignnone\"><a href=\"http:\/\/escuelasion.esy.es\/wp-content\/uploads\/2015\/08\/sacer007.jpg\"><img loading=\"lazy\" decoding=\"async\" aria-describedby=\"caption-attachment-443\" class=\"size-medium wp-image-443\" src=\"http:\/\/escuelasion.esy.es\/wp-content\/uploads\/2015\/08\/sacer007-222x300.jpg\" alt=\"Pbro. Alexander Alfaro\" width=\"222\" height=\"300\" srcset=\"https:\/\/sionpuntarenas.com\/wp-content\/uploads\/2015\/08\/sacer007-222x300.jpg 222w, https:\/\/sionpuntarenas.com\/wp-content\/uploads\/2015\/08\/sacer007-756x1024.jpg 756w, https:\/\/sionpuntarenas.com\/wp-content\/uploads\/2015\/08\/sacer007.jpg 1728w\" sizes=\"(max-width: 222px) 100vw, 222px\" \/><\/a><p id=\"caption-attachment-443\" class=\"wp-caption-text\">Pbro. Alexander Alfaro<\/p><\/div>\n<div id=\"attachment_442\" style=\"width: 310px\" class=\"wp-caption alignnone\"><a href=\"http:\/\/escuelasion.esy.es\/wp-content\/uploads\/2015\/08\/sacer005.jpg\"><img loading=\"lazy\" decoding=\"async\" aria-describedby=\"caption-attachment-442\" class=\"size-medium wp-image-442\" src=\"http:\/\/escuelasion.esy.es\/wp-content\/uploads\/2015\/08\/sacer005-300x222.jpg\" alt=\"Pbro. Rafael Barrantes \" width=\"300\" height=\"222\" srcset=\"https:\/\/sionpuntarenas.com\/wp-content\/uploads\/2015\/08\/sacer005-300x222.jpg 300w, https:\/\/sionpuntarenas.com\/wp-content\/uploads\/2015\/08\/sacer005-1024x756.jpg 1024w\" sizes=\"(max-width: 300px) 100vw, 300px\" \/><\/a><p id=\"caption-attachment-442\" class=\"wp-caption-text\">Pbro. Rafael Barrantes<\/p><\/div>\n<div id=\"attachment_441\" style=\"width: 274px\" class=\"wp-caption alignnone\"><a href=\"http:\/\/escuelasion.esy.es\/wp-content\/uploads\/2015\/08\/sacer002.jpg\"><img loading=\"lazy\" decoding=\"async\" aria-describedby=\"caption-attachment-441\" class=\"size-medium wp-image-441\" src=\"http:\/\/escuelasion.esy.es\/wp-content\/uploads\/2015\/08\/sacer002-264x300.jpg\" alt=\"Pbro. Emilio Montes de Oca\" width=\"264\" height=\"300\" srcset=\"https:\/\/sionpuntarenas.com\/wp-content\/uploads\/2015\/08\/sacer002-264x300.jpg 264w, https:\/\/sionpuntarenas.com\/wp-content\/uploads\/2015\/08\/sacer002-903x1024.jpg 903w, https:\/\/sionpuntarenas.com\/wp-content\/uploads\/2015\/08\/sacer002.jpg 1153w\" sizes=\"(max-width: 264px) 100vw, 264px\" \/><\/a><p id=\"caption-attachment-441\" class=\"wp-caption-text\">Pbro. Emilio Montes de Oca<\/p><\/div>\n<div id=\"attachment_446\" style=\"width: 310px\" class=\"wp-caption alignnone\"><a href=\"http:\/\/escuelasion.esy.es\/wp-content\/uploads\/2015\/08\/sacer008.jpg\"><img loading=\"lazy\" decoding=\"async\" aria-describedby=\"caption-attachment-446\" class=\"size-medium wp-image-446\" src=\"http:\/\/escuelasion.esy.es\/wp-content\/uploads\/2015\/08\/sacer008-300x219.jpg\" alt=\"Pbro. Johnny Ledezma\" width=\"300\" height=\"219\" srcset=\"https:\/\/sionpuntarenas.com\/wp-content\/uploads\/2015\/08\/sacer008-300x219.jpg 300w, https:\/\/sionpuntarenas.com\/wp-content\/uploads\/2015\/08\/sacer008-1024x747.jpg 1024w\" sizes=\"(max-width: 300px) 100vw, 300px\" \/><\/a><p id=\"caption-attachment-446\" class=\"wp-caption-text\">Pbro. Johnny Ledezma<\/p><\/div>\n<div id=\"attachment_440\" style=\"width: 233px\" class=\"wp-caption alignnone\"><a href=\"http:\/\/escuelasion.esy.es\/wp-content\/uploads\/2015\/08\/sacer001.jpg\"><img loading=\"lazy\" decoding=\"async\" aria-describedby=\"caption-attachment-440\" class=\"size-medium wp-image-440\" src=\"http:\/\/escuelasion.esy.es\/wp-content\/uploads\/2015\/08\/sacer001-223x300.jpg\" alt=\"Pbro. Daniel... nuestro actual capell\u00e1n.\" width=\"223\" height=\"300\" srcset=\"https:\/\/sionpuntarenas.com\/wp-content\/uploads\/2015\/08\/sacer001-223x300.jpg 223w, https:\/\/sionpuntarenas.com\/wp-content\/uploads\/2015\/08\/sacer001-760x1024.jpg 760w, https:\/\/sionpuntarenas.com\/wp-content\/uploads\/2015\/08\/sacer001.jpg 1740w\" sizes=\"(max-width: 223px) 100vw, 223px\" \/><\/a><p id=\"caption-attachment-440\" class=\"wp-caption-text\">Pbro. Daniel&#8230; nuestro actual capell\u00e1n.<\/p><\/div>\n<div id=\"attachment_438\" style=\"width: 210px\" class=\"wp-caption alignnone\"><a href=\"http:\/\/escuelasion.esy.es\/wp-content\/uploads\/2015\/08\/ArdOcXrSr2ksckIUdcXoNaohNKQYWEd2R4M8gbyFAoHN.jpg\"><img loading=\"lazy\" decoding=\"async\" aria-describedby=\"caption-attachment-438\" class=\"size-medium wp-image-438\" src=\"http:\/\/escuelasion.esy.es\/wp-content\/uploads\/2015\/08\/ArdOcXrSr2ksckIUdcXoNaohNKQYWEd2R4M8gbyFAoHN-200x300.jpg\" alt=\"Monse\u00f1or Oscar Fern\u00e1ndez Guill\u00e9n, Obispo Diocesano, nuestra cabeza, y nuestro pastor, nuestro amigo y nuestro mejor servidor.\" width=\"200\" height=\"300\" srcset=\"https:\/\/sionpuntarenas.com\/wp-content\/uploads\/2015\/08\/ArdOcXrSr2ksckIUdcXoNaohNKQYWEd2R4M8gbyFAoHN-200x300.jpg 200w, https:\/\/sionpuntarenas.com\/wp-content\/uploads\/2015\/08\/ArdOcXrSr2ksckIUdcXoNaohNKQYWEd2R4M8gbyFAoHN-682x1024.jpg 682w, https:\/\/sionpuntarenas.com\/wp-content\/uploads\/2015\/08\/ArdOcXrSr2ksckIUdcXoNaohNKQYWEd2R4M8gbyFAoHN.jpg 853w\" sizes=\"(max-width: 200px) 100vw, 200px\" \/><\/a><p id=\"caption-attachment-438\" class=\"wp-caption-text\">Monse\u00f1or Oscar Fern\u00e1ndez Guill\u00e9n, Obispo Diocesano, nuestra cabeza, y nuestro pastor, nuestro amigo y nuestro mejor servidor.<\/p><\/div>\n","protected":false},"excerpt":{"rendered":"<p>Aqu\u00ed recordamos a los sacerdotes que han pasado por nuestra Instituci\u00f3n o que nos han acompa\u00f1ado en el esfuerzo y el trabajo de hacer grande nuestra Escuela. No est\u00e1n ordenados cronol\u00f3gicamente, y a todos queremos darles un enorme \u00abgracias\u00bb por su amistad, trabajo y esfuerzo&#8230; como dice nuestro Himno, \u00abconduciendo las almas a Dios&#8230;\u00bb<\/p>\n","protected":false},"author":1,"featured_media":0,"parent":377,"menu_order":0,"comment_status":"open","ping_status":"open","template":"","meta":{"saved_in_kubio":false,"footnotes":""},"class_list":["post-379","page","type-page","status-publish","hentry"],"kubio_ai_page_context":{"short_desc":"","purpose":"general"},"_links":{"self":[{"href":"https:\/\/sionpuntarenas.com\/index.php?rest_route=\/wp\/v2\/pages\/379","targetHints":{"allow":["GET"]}}],"collection":[{"href":"https:\/\/sionpuntarenas.com\/index.php?rest_route=\/wp\/v2\/pages"}],"about":[{"href":"https:\/\/sionpuntarenas.com\/index.php?rest_route=\/wp\/v2\/types\/page"}],"author":[{"embeddable":true,"href":"https:\/\/sionpuntarenas.com\/index.php?rest_route=\/wp\/v2\/users\/1"}],"replies":[{"embeddable":true,"href":"https:\/\/sionpuntarenas.com\/index.php?rest_route=%2Fwp%2Fv2%2Fcomments&post=379"}],"version-history":[{"count":5,"href":"https:\/\/sionpuntarenas.com\/index.php?rest_route=\/wp\/v2\/pages\/379\/revisions"}],"predecessor-version":[{"id":448,"href":"https:\/\/sionpuntarenas.com\/index.php?rest_route=\/wp\/v2\/pages\/379\/revisions\/448"}],"up":[{"embeddable":true,"href":"https:\/\/sionpuntarenas.com\/index.php?rest_route=\/wp\/v2\/pages\/377"}],"wp:attachment":[{"href":"https:\/\/sionpuntarenas.com\/index.php?rest_route=%2Fwp%2Fv2%2Fmedia&parent=379"}],"curies":[{"name":"wp","href":"https:\/\/api.w.org\/{rel}","templated":true}]}}