{"id":690,"date":"2016-04-05T11:32:38","date_gmt":"2016-04-05T17:32:38","guid":{"rendered":"http:\/\/escuelasion.esy.es\/?page_id=690"},"modified":"2019-12-05T11:15:24","modified_gmt":"2019-12-05T17:15:24","slug":"sor-ana-rosa","status":"publish","type":"page","link":"https:\/\/sionpuntarenas.com\/?page_id=690","title":{"rendered":"Sor Ana Rosa"},"content":{"rendered":"<p><strong><em><u>DE ORIGEN TURRIALBE\u00d1O, PERO DE CORAZ\u00d3N PORTE\u00d1O<\/u><\/em><\/strong><\/p>\n<p><a href=\"http:\/\/escuelasion.esy.es\/wp-content\/uploads\/2019\/12\/sorninos.jpeg\"><img loading=\"lazy\" decoding=\"async\" class=\"wp-image-730 alignleft\" src=\"http:\/\/escuelasion.esy.es\/wp-content\/uploads\/2019\/12\/sorninos.jpeg\" alt=\"\" width=\"287\" height=\"219\" srcset=\"https:\/\/sionpuntarenas.com\/wp-content\/uploads\/2019\/12\/sorninos.jpeg 944w, https:\/\/sionpuntarenas.com\/wp-content\/uploads\/2019\/12\/sorninos-300x228.jpeg 300w, https:\/\/sionpuntarenas.com\/wp-content\/uploads\/2019\/12\/sorninos-768x585.jpeg 768w\" sizes=\"(max-width: 287px) 100vw, 287px\" \/><\/a>En el a\u00f1o de 1960 lleg\u00f3 a Puntarenas Sor Ana Roza Z\u00fa\u00f1iga P. a formar parte de la gran familia de Sion. Obra que ten\u00eda escasos tres a\u00f1os de haberse fundado en\u00a0 la provincia.\u00a0\u00a0 S\u00ed, la escuela Nuestra Se\u00f1ora de Sion, fue fundada en\u00a0 Puntarenas en 1957; por un grupo de religiosas que creyeron en las familias Porte\u00f1as, y con miles sacrificios lograron alquilar una casita al costado oeste del Estadio donde abrieron las primeras clase con grupos muy reducidos de ni\u00f1as.<\/p>\n<p>Sor Ana inici\u00f3 su labor aqu\u00ed en el puerto como docente, ten\u00eda un grado a cargo, desde ese momento, a escasos 20 a\u00f1os, ya ten\u00eda una visi\u00f3n muy clara de lo que ser\u00eda la escuela.\u00a0\u00a0 Mujer emprendedora, que con su carisma de ayudar al pr\u00f3jimo, levant\u00f3 familias enteras y las fortaleci\u00f3 con ese don de consejo que ten\u00eda.<\/p>\n<p>Siempre encontramos en ella, una mano amiga, una palabra de aliento, un consuelo en momentos dif\u00edciles, un apoyo incondicional.<\/p>\n<p>En su labor como directora, buscaba momentos para reflexionar con el personal y as\u00ed orientarlos y fortalecerlos en valores, todo lo que se propuso, siempre lo cumpl\u00eda, prueba de ello fue la construcci\u00f3n del Gimnasio que dur\u00f3 varios a\u00f1os en su construcci\u00f3n y ahora est\u00e1 totalmente terminado.<\/p>\n<p>Apoy\u00f3 el deporte de los ni\u00f1os en forma incondicional, fue con el equipo de Voleibol a M\u00e9xico, luego hicieron una gira por Centroam\u00e9rica, cuando la escuela llegaba a una final, organizaba grupos para que fu\u00e9ramos a\u00a0 apoyarlos. Siempre se hac\u00eda presente para que los padres de familia estuvieran tranquilos.<\/p>\n<p>Luch\u00f3 por que la escuela estuviera siempre bien pintada, con lindos jardines y cuidaba\u00a0 mucho el mobiliario, por eso en ocasiones, parec\u00eda una electricista, o una fontanera, conoc\u00eda tan bien la escuela que hasta sab\u00eda por d\u00f3nde pasaban los tubos de desag\u00fce.\u00a0 En una ocasi\u00f3n, sal\u00eda\u00a0 descalza con el agua a la rodilla a poner el tap\u00f3n, para que el agua del Estero, no da\u00f1ara el zacate con el agua de sal.<\/p>\n<p>Estuvo atenta de las penas de los dem\u00e1s y lista para prestarles ayuda.<\/p>\n<p>Compartimos muchas alegr\u00edas, pero tambi\u00e9n muchas tristezas, encontr\u00f3 en quienes la rode\u00e1bamos a una familia y nos ayud\u00f3 a fortalecer\u00a0 los valores y principios cristianos tanto con nuestros estudiantes como con nuestras familias.<\/p>\n<p>Las actividades que realizaba como directora, nunca fueron obst\u00e1culo para que continuara con su labor de\u00a0 religiosa, visitaba enfermos en sus casas o en el hospital, repart\u00eda alimentos entre las familias con m\u00e1s necesidades.\u00a0 En varias ocasiones hizo cadena de oraci\u00f3n por la salud de alg\u00fan ni\u00f1o de la escuela que estaba grave o alguno de los familiares de los ni\u00f1os.<\/p>\n<p>Despu\u00e9s de 45 a\u00f1os de estar entre nosotros, lo \u00fanico que podemos decirle es que la queremos mucho, que la vamos a recordar\u00a0 siempre y vivir\u00e1\u00a0 en nuestro coraz\u00f3n\u00a0 para toda la vida.<\/p>\n<p>El d\u00eda 24 de agosto de cada a\u00f1o ser\u00e1 de mucho recuerdo para todos porque era la fecha que nos reun\u00edamos para compartir con ella su cumplea\u00f1os.<\/p>\n<p>No importa donde estuviera en San Jos\u00e9 o en Puntarenas siempre lo celebr\u00e1bamos.<\/p>\n<p>Siempre fue una llamita encendida que nos dio luz a todos los que la rodeamos pero en noviembre del 2008 empez\u00f3 a desvanecerse esa luz y el 1 de enero del 2009 la fui a ver\u00a0 al Hospital, aunque hablamos y recordamos cosas yo sab\u00eda que de esta no se iba a levantar.<\/p>\n<p>Cuando sali\u00f3 del hospital la llevaron a la Casa Provincial y desde ah\u00ed me dieron la noticia de su fallecimiento. 10 de Enero.<\/p>\n<p>El d\u00eda de su entierro en mis oraciones le dije \u201c Bandida dos d\u00edas antes de mi cumplea\u00f1os, apenas para que te tenga presente siempre\u201d.<\/p>\n<p>Siempre te recordar\u00e9 como lo que fuiste: mi maestra, mi directora, mi madre, mi hermana mayor, mi amiga.<\/p>\n<p style=\"text-align: right;\">Colaboraci\u00f3n de la Licenciada Ana Matamoros Torre<\/p>\n<hr \/>\n<p style=\"text-align: right;\"><a href=\"http:\/\/escuelasion.esy.es\/wp-content\/uploads\/2016\/04\/Sor-ana.png\"><img loading=\"lazy\" decoding=\"async\" class=\"size-full wp-image-696 aligncenter\" src=\"http:\/\/escuelasion.esy.es\/wp-content\/uploads\/2016\/04\/Sor-ana.png\" alt=\"Sor ana\" width=\"596\" height=\"842\" srcset=\"https:\/\/sionpuntarenas.com\/wp-content\/uploads\/2016\/04\/Sor-ana.png 596w, https:\/\/sionpuntarenas.com\/wp-content\/uploads\/2016\/04\/Sor-ana-212x300.png 212w\" sizes=\"(max-width: 596px) 100vw, 596px\" \/><\/a><\/p>\n<p style=\"text-align: center;\">Nuestra Se\u00f1ora de Sion<\/p>\n<p style=\"text-align: center;\">Roma<\/p>\n<p class=\"odd\" style=\"text-align: center;\" data-v=\"5\"><span class=\"t\">\u00abEl Angel se dirigi\u00f3 a las mujeres y les dijo: \u00abVosotras no tem\u00e1is, pues s\u00e9 que busc\u00e1is a Jes\u00fas, el Crucificado;\u00a0<\/span><span class=\"t\">no est\u00e1 aqu\u00ed, ha resucitado, como lo hab\u00eda dicho.\u00a0\u00bb Mt 28,5<\/span><\/p>\n<p class=\"odd\" style=\"text-align: center;\" data-v=\"5\">Nos unimos en la plegaria, pidiendo por el eterno descanso en Dios de :<\/p>\n<p class=\"odd\" style=\"text-align: center;\" data-v=\"5\">Sor Ana Rosa Z\u00fa\u00f1iga Pereira<\/p>\n<p class=\"odd\" style=\"text-align: center;\" data-v=\"5\">(<span lang=\"es\">nacida el 24 de agosto de 1937 en Santa Cruz de Turrialba , Costa Rica)<\/span><\/p>\n<pre class=\"tw-data-text vk_txt tw-ta tw-text-small\" dir=\"ltr\" data-placeholder=\"Traducci\u00f3n\" data-fulltext=\"\"><span lang=\"es\">Comunidad : Moravia\nProvincia : Am\u00e9rica Central\nFallecida 10 de enero de 2009 a la edad de 71 a\u00f1os\nA\u00f1os en Sion : 47\n(Primeros votos : 8 Septiembre de 1961 en San Jos\u00e9)\n<\/span><\/pre>\n<pre class=\"tw-data-text vk_txt tw-ta tw-text-medium\" dir=\"ltr\" data-placeholder=\"Traducci\u00f3n\" data-fulltext=\"\"><span lang=\"es\">Las comunidades en las que vivi\u00f3<\/span><\/pre>\n<hr \/>\n<pre id=\"tw-target-text\" class=\"tw-data-text vk_txt tw-ta tw-text-small\" dir=\"ltr\" data-placeholder=\"Traducci\u00f3n\" data-fulltext=\"\"><span lang=\"es\">Septiembre 1961 a enero 1962 San Jos\u00e9\nFebrero 1962 a octubre 1963 Puntarenas\n1963- noviembre de enero de 1970 San Jos\u00e9\nDe febrero de 1970 - 1975 Puntarenas\n1976 Estel\u00ed\n1977 - Noviembre de 1998 Puntarenas\nDiciembre 1998 a octubre 1999 Moravia\nDe noviembre de 1999 - 2000 San Jose\n2001 - 2004 Puntarenas\n2005 Zapote\n2006 Turrialba\n2007 - Enero 2009 Moravia\n\nMaureen P. Cusick.\nSuperiora General<\/span><\/pre>\n","protected":false},"excerpt":{"rendered":"<p>DE ORIGEN TURRIALBE\u00d1O, PERO DE CORAZ\u00d3N PORTE\u00d1O En el a\u00f1o de 1960 lleg\u00f3 a Puntarenas Sor Ana Roza Z\u00fa\u00f1iga P. a formar parte de la gran familia de Sion. Obra que ten\u00eda escasos tres a\u00f1os de haberse fundado en\u00a0 la provincia.\u00a0\u00a0 S\u00ed, la escuela Nuestra Se\u00f1ora de Sion, fue fundada en\u00a0 Puntarenas en 1957; por [&hellip;]<\/p>\n","protected":false},"author":1,"featured_media":0,"parent":336,"menu_order":0,"comment_status":"closed","ping_status":"closed","template":"","meta":{"saved_in_kubio":false,"footnotes":""},"class_list":["post-690","page","type-page","status-publish","hentry"],"kubio_ai_page_context":{"short_desc":"","purpose":"general"},"_links":{"self":[{"href":"https:\/\/sionpuntarenas.com\/index.php?rest_route=\/wp\/v2\/pages\/690","targetHints":{"allow":["GET"]}}],"collection":[{"href":"https:\/\/sionpuntarenas.com\/index.php?rest_route=\/wp\/v2\/pages"}],"about":[{"href":"https:\/\/sionpuntarenas.com\/index.php?rest_route=\/wp\/v2\/types\/page"}],"author":[{"embeddable":true,"href":"https:\/\/sionpuntarenas.com\/index.php?rest_route=\/wp\/v2\/users\/1"}],"replies":[{"embeddable":true,"href":"https:\/\/sionpuntarenas.com\/index.php?rest_route=%2Fwp%2Fv2%2Fcomments&post=690"}],"version-history":[{"count":6,"href":"https:\/\/sionpuntarenas.com\/index.php?rest_route=\/wp\/v2\/pages\/690\/revisions"}],"predecessor-version":[{"id":732,"href":"https:\/\/sionpuntarenas.com\/index.php?rest_route=\/wp\/v2\/pages\/690\/revisions\/732"}],"up":[{"embeddable":true,"href":"https:\/\/sionpuntarenas.com\/index.php?rest_route=\/wp\/v2\/pages\/336"}],"wp:attachment":[{"href":"https:\/\/sionpuntarenas.com\/index.php?rest_route=%2Fwp%2Fv2%2Fmedia&parent=690"}],"curies":[{"name":"wp","href":"https:\/\/api.w.org\/{rel}","templated":true}]}}